{"id":15503,"date":"2019-04-02T11:31:43","date_gmt":"2019-04-02T09:31:43","guid":{"rendered":"https:\/\/laseris.ch\/shop\/?post_type=product&#038;p=15503"},"modified":"2026-01-17T07:38:29","modified_gmt":"2026-01-17T06:38:29","slug":"phyto-corrective-30-ml","status":"publish","type":"product","link":"https:\/\/laseris.ch\/shop\/product\/phyto-corrective-30-ml\/","title":{"rendered":"Phyto Corrective 30 ml SkinCeuticals"},"content":{"rendered":"<p>Le s\u00e9rum Phyto Corrective permet d&#8217;apaiser et d&#8217;hydrater les peaux les plus sensibles. Gr\u00e2ce \u00e0 ses actifs hautement concentr\u00e9s, les irritations sont imm\u00e9diatement contenues. Il att\u00e9nue les taches brunes et les taches de vieillesses, tout en cicatrisant les peaux irrit\u00e9es. Il s&#8217;adapte \u00e9galement aux peaux fragilis\u00e9es.<\/p>\n<div id=\"ConnectiveDocSignExtentionInstalled\" data-extension-version=\"1.0.4\">\n<p>Il est id\u00e9al pour r\u00e9parer, calmer la peau avant et apr\u00e8s un acte esth\u00e9tique tels que les lasers ou peelings et permet d&#8217;att\u00e9nuer les rougeurs.<br \/>\nCe s\u00e9rum est particuli\u00e8rement conseill\u00e9 aux peaux sensibles, grasses ou \u00e0 probl\u00e8mes.<\/p>\n<p>R\u00e9sultats :<\/p>\n<ul>\n<li>Apaise et hydrate les peaux irrit\u00e9es : effet cicatrisant<\/li>\n<li>Att\u00e9nue les taches pigmentaires (taches brunes et taches de vieillesse)<\/li>\n<li>Repulpe la peau d\u00e9shydrat\u00e9e<\/li>\n<li>Att\u00e9nue les rougeurs et les irritations<\/li>\n<\/ul>\n<\/div>\n<p>&nbsp;<\/p>\n<p><strong>CONSEILS D&#8217;UTILISATION :\u00a0<\/strong><\/p>\n<p>Appliquez le matin et\/ou le soir sur peau nettoy\u00e9e et avant un autre soin. Le s\u00e9rum est le second soin de votre routine apr\u00e8s un soin nettoyant. Il est le troisi\u00e8me soin de votre routine si vous utilisez un tonique apr\u00e8s le nettoyage de votre peau.<\/p>\n<p>D\u00e9posez trois \u00e0 cinq gouttes sur le visage, le cou et le d\u00e9collet\u00e9 s\u00e9ch\u00e9s au pr\u00e9alable.<\/p>\n<p>Faites p\u00e9n\u00e9trer sur votre visage du bout des doigts en tapotant, puis faites glisser vers votre cou. Evitez de masser.<\/p>\n<p>Pour compl\u00e9ter votre routine, utilisez une protection solaire qui prot\u00e8ge des agresseurs environnementaux.<\/p>\n<div id=\"ConnectiveDocSignExtentionInstalled\" data-extension-version=\"1.0.4\">\n<div id=\"ConnectiveDocSignExtentionInstalled\" data-extension-version=\"1.0.4\"><\/div>\n<div class=\"fl-module fl-module-rich-text fl-node-5e68c5fe9d995\" data-node=\"5e68c5fe9d995\">\n<div class=\"fl-module-content fl-node-content\">\n<div class=\"fl-rich-text\">\n<p>&nbsp;<\/p>\n<\/div>\n<\/div>\n<\/div>\n<\/div>\n","protected":false},"excerpt":{"rendered":"<p>Apaise et calme les peaux irrit\u00e9es. Excellent soin hydratant oil free pour les peaux \u00e0 tendance acn\u00e9ique. Pr\u00e9pare la peau \u00e0 recevoir les soins rajeunissants et att\u00e9nue les rougeurs post traitement. Minimise l&#8217;hyperpigmentation.<\/p>\n<p>&nbsp;<\/p>\n<div class=\"fl-module fl-module-rich-text fl-node-5e68c5fe9d995\" data-node=\"5e68c5fe9d995\">\n<div class=\"fl-module-content fl-node-content\">\n<div class=\"fl-rich-text\">\n<p>&nbsp;<\/p>\n<\/div>\n<\/div>\n<\/div>\n<div data-extension-version=\"1.0.4\"><img loading=\"lazy\" decoding=\"async\" class=\"alignnone size-medium wp-image-16858\" src=\"https:\/\/laseris.ch\/shop\/wp-content\/uploads\/2020\/10\/skinceuticals-revendeur-suisse.png\" alt=\"\" width=\"300\" height=\"61\" \/><\/div>\n","protected":false},"featured_media":15528,"comment_status":"closed","ping_status":"closed","template":"","meta":[],"product_brand":[],"product_cat":[537,539,538,682,533,534,535,536,506,507,505,504,531,497,512,511],"product_tag":[],"class_list":{"0":"post-15503","1":"product","2":"type-product","3":"status-publish","4":"has-post-thumbnail","6":"product_cat-deshydratee","7":"product_cat-fragilisee","8":"product_cat-peau-sujette-aux-rougeurs","9":"product_cat-skinceuticals","10":"product_cat-probleme-de-peau","11":"product_cat-vieillissement","12":"product_cat-imperfections","13":"product_cat-hyperpigmentation","14":"product_cat-peau-grasse","15":"product_cat-peau-mixte","16":"product_cat-peau-normale","17":"product_cat-peau-seche","18":"product_cat-peau-sensible","19":"product_cat-serum","20":"product_cat-tout-type-de-peau","21":"product_cat-visage","22":"description-off","24":"first","25":"instock","26":"shipping-taxable","27":"purchasable","28":"product-type-simple"},"_links":{"self":[{"href":"https:\/\/laseris.ch\/shop\/wp-json\/wp\/v2\/product\/15503","targetHints":{"allow":["GET"]}}],"collection":[{"href":"https:\/\/laseris.ch\/shop\/wp-json\/wp\/v2\/product"}],"about":[{"href":"https:\/\/laseris.ch\/shop\/wp-json\/wp\/v2\/types\/product"}],"replies":[{"embeddable":true,"href":"https:\/\/laseris.ch\/shop\/wp-json\/wp\/v2\/comments?post=15503"}],"wp:featuredmedia":[{"embeddable":true,"href":"https:\/\/laseris.ch\/shop\/wp-json\/wp\/v2\/media\/15528"}],"wp:attachment":[{"href":"https:\/\/laseris.ch\/shop\/wp-json\/wp\/v2\/media?parent=15503"}],"wp:term":[{"taxonomy":"product_brand","embeddable":true,"href":"https:\/\/laseris.ch\/shop\/wp-json\/wp\/v2\/product_brand?post=15503"},{"taxonomy":"product_cat","embeddable":true,"href":"https:\/\/laseris.ch\/shop\/wp-json\/wp\/v2\/product_cat?post=15503"},{"taxonomy":"product_tag","embeddable":true,"href":"https:\/\/laseris.ch\/shop\/wp-json\/wp\/v2\/product_tag?post=15503"}],"curies":[{"name":"wp","href":"https:\/\/api.w.org\/{rel}","templated":true}]}}