{"id":16939,"date":"2020-04-09T14:08:20","date_gmt":"2020-04-09T12:08:20","guid":{"rendered":"https:\/\/laseris.ch\/shop\/?page_id=16939"},"modified":"2020-10-23T18:51:55","modified_gmt":"2020-10-23T16:51:55","slug":"peau-fragilisee","status":"publish","type":"page","link":"https:\/\/laseris.ch\/shop\/peau-fragilisee\/","title":{"rendered":"Peau fragilis\u00e9e"},"content":{"rendered":"<div class=\"wpb-content-wrapper\"><p>[vc_row row_type=&#8221;row&#8221; use_row_as_full_screen_section=&#8221;no&#8221; type=&#8221;full_width&#8221; angled_section=&#8221;no&#8221; text_align=&#8221;left&#8221; background_image_as_pattern=&#8221;without_pattern&#8221; z_index=&#8221;&#8221;][vc_column][vc_column_text]<\/p>\n<h2>Peau fragilis\u00e9e<\/h2>\n<p>[\/vc_column_text][\/vc_column][\/vc_row][vc_row row_type=&#8221;row&#8221; use_row_as_full_screen_section=&#8221;no&#8221; type=&#8221;full_width&#8221; angled_section=&#8221;no&#8221; text_align=&#8221;left&#8221; background_image_as_pattern=&#8221;without_pattern&#8221; z_index=&#8221;&#8221;][vc_column][vc_separator type=&#8221;normal&#8221;][\/vc_column][\/vc_row][vc_row row_type=&#8221;row&#8221; use_row_as_full_screen_section=&#8221;no&#8221; type=&#8221;full_width&#8221; angled_section=&#8221;no&#8221; text_align=&#8221;left&#8221; background_image_as_pattern=&#8221;without_pattern&#8221;][vc_column el_class=&#8221;filter-products-block&#8221;]<div class=\"woocommerce columns-3 \"><div class=\"wf-container dt-products  woo-hover products loading-effect-fade-in description-on-hover cart-btn-on-img wc-img-hover hide-description wc-grid\" data-padding=\"0px\" data-cur-page=\"1\" data-desktop-columns-num=\"3\" data-v-tablet-columns-num=\"2\" data-h-tablet-columns-num=\"3\" data-phone-columns-num=\"1\">\n\n<article class=\"post visible description-off product type-product post-15472 status-publish first instock product_cat-antioxydant product_cat-contour-de-loeil product_cat-deshydratee product_cat-fragilisee product_cat-gel product_cat-hyperpigmentation product_cat-imperfections product_cat-peau-grasse product_cat-peau-mixte product_cat-peau-normale product_cat-peau-seche product_cat-probleme-de-peau product_cat-skinceuticals product_cat-vieillissement product_tag-35-45-ans has-post-thumbnail shipping-taxable purchasable product-type-simple\">\n\n\t<figure class=\"woocom-project\">\n\t<div class=\"woo-buttons-on-img\">\n\n\t\t<a href=\"https:\/\/laseris.ch\/shop\/product\/aoxeye-gel-15-ml\/\" class=\"alignnone layzr-bg\"><img loading=\"lazy\" decoding=\"async\" width=\"300\" height=\"300\" src=\"data:image\/svg+xml;charset=utf-8,%3Csvg xmlns%3D&#039;http%3A%2F%2Fwww.w3.org%2F2000%2Fsvg&#039; viewBox%3D&#039;0 0 300 300&#039;%2F%3E\" class=\"attachment-woocommerce_thumbnail size-woocommerce_thumbnail lazy-load preload-me\" alt=\"\" data-src=\"https:\/\/laseris.ch\/shop\/wp-content\/uploads\/2019\/04\/Aoxeye-gel-300x300.jpg\" data-srcset=\"https:\/\/laseris.ch\/shop\/wp-content\/uploads\/2019\/04\/Aoxeye-gel-300x300.jpg 300w, https:\/\/laseris.ch\/shop\/wp-content\/uploads\/2019\/04\/Aoxeye-gel-200x200.jpg 200w, https:\/\/laseris.ch\/shop\/wp-content\/uploads\/2019\/04\/Aoxeye-gel-600x600.jpg 600w, https:\/\/laseris.ch\/shop\/wp-content\/uploads\/2019\/04\/Aoxeye-gel-150x150.jpg 150w, https:\/\/laseris.ch\/shop\/wp-content\/uploads\/2019\/04\/Aoxeye-gel-768x768.jpg 768w, https:\/\/laseris.ch\/shop\/wp-content\/uploads\/2019\/04\/Aoxeye-gel-570x570.jpg 570w, https:\/\/laseris.ch\/shop\/wp-content\/uploads\/2019\/04\/Aoxeye-gel-500x500.jpg 500w, https:\/\/laseris.ch\/shop\/wp-content\/uploads\/2019\/04\/Aoxeye-gel-700x700.jpg 700w, https:\/\/laseris.ch\/shop\/wp-content\/uploads\/2019\/04\/Aoxeye-gel.jpg 900w\" \/><\/a>\n\t<\/div>\n\t<figcaption class=\"woocom-list-content\">\n\n\t\t<div class=\"woocommerce-product-details__short-description\">\n\t<p>Un s\u00e9rum en gel pour le contour des yeux. Triple antioxydant pour combattre le photovieillissement et les signes de fatigue. Il fournit une protection avanc\u00e9e contre les agressions environnementales tout en r\u00e9duisant les gonflements, les signes de fatigue et les cernes, il redonne de l&#8217;\u00e9clat au regard.<\/p>\n<p>&nbsp;<\/p>\n<p>&nbsp;<\/p>\n<div data-extension-version=\"1.0.4\"><img loading=\"lazy\" decoding=\"async\" class=\"alignnone size-medium wp-image-16858\" src=\"https:\/\/laseris.ch\/shop\/wp-content\/uploads\/2020\/10\/skinceuticals-revendeur-suisse.png\" alt=\"\" width=\"300\" height=\"61\" \/><\/div>\n<div id=\"ConnectiveDocSignExtentionInstalled\" data-extension-version=\"1.0.4\"><\/div>\n<\/div>\n<span class=\"gtm4wp_productdata\" style=\"display:none; visibility:hidden;\" data-gtm4wp_product_data=\"{&quot;internal_id&quot;:15472,&quot;item_id&quot;:15472,&quot;item_name&quot;:&quot;Aox + Eye Gel 15 ml SkinCeuticals&quot;,&quot;sku&quot;:15472,&quot;price&quot;:110,&quot;stocklevel&quot;:1,&quot;stockstatus&quot;:&quot;instock&quot;,&quot;google_business_vertical&quot;:&quot;retail&quot;,&quot;item_category&quot;:&quot;Fragilis\\u00e9e&quot;,&quot;id&quot;:15472,&quot;productlink&quot;:&quot;https:\\\/\\\/laseris.ch\\\/shop\\\/product\\\/aoxeye-gel-15-ml\\\/&quot;,&quot;item_list_name&quot;:&quot;Liste g\\u00e9n\\u00e9rale des produits&quot;,&quot;index&quot;:1,&quot;product_type&quot;:&quot;simple&quot;,&quot;item_brand&quot;:&quot;&quot;}\"><\/span><a href=\"#\" class=\"yith-wcqv-button qvicon\" data-product_id=\"15472\"><img decoding=\"async\" src=\"https:\/\/laseris.ch\/shop\/wp-content\/uploads\/2020\/09\/qv-icon-laseris.png\" class=\"yith-wcqv-icon\"\/><\/a>\n\t<\/figcaption>\n<\/figure>\n\n<\/article>\n\n\n\n<article class=\"post visible description-off product type-product post-19019 status-publish instock product_cat-antioxydant product_cat-deshydratee product_cat-fragilisee product_cat-hyperpigmentation product_cat-peau-mixte product_cat-peau-normale product_cat-peau-seche product_cat-promotion product_cat-serum product_cat-skinceuticals product_cat-vieillissement product_cat-visage product_tag-35-45-ans product_tag-meilleurs-ventes product_tag-shopping has-post-thumbnail sale featured shipping-taxable purchasable product-type-simple\">\n\n\t\n\t<span class=\"onsale\">Promo\u00a0!<\/span>\n\t<figure class=\"woocom-project\">\n\t<div class=\"woo-buttons-on-img\">\n\n\t\t<a href=\"https:\/\/laseris.ch\/shop\/product\/skinceuticals-c-e-ferulic-30-ml\/\" class=\"alignnone layzr-bg\"><img loading=\"lazy\" decoding=\"async\" width=\"300\" height=\"300\" src=\"data:image\/svg+xml;charset=utf-8,%3Csvg xmlns%3D&#039;http%3A%2F%2Fwww.w3.org%2F2000%2Fsvg&#039; viewBox%3D&#039;0 0 300 300&#039;%2F%3E\" class=\"attachment-woocommerce_thumbnail size-woocommerce_thumbnail lazy-load preload-me\" alt=\"\" data-src=\"https:\/\/laseris.ch\/shop\/wp-content\/uploads\/2019\/04\/CE-Ferulic-copie-300x300.jpg\" data-srcset=\"https:\/\/laseris.ch\/shop\/wp-content\/uploads\/2019\/04\/CE-Ferulic-copie-300x300.jpg 300w, https:\/\/laseris.ch\/shop\/wp-content\/uploads\/2019\/04\/CE-Ferulic-copie-200x200.jpg 200w, https:\/\/laseris.ch\/shop\/wp-content\/uploads\/2019\/04\/CE-Ferulic-copie-600x600.jpg 600w, https:\/\/laseris.ch\/shop\/wp-content\/uploads\/2019\/04\/CE-Ferulic-copie-150x150.jpg 150w, https:\/\/laseris.ch\/shop\/wp-content\/uploads\/2019\/04\/CE-Ferulic-copie-768x768.jpg 768w, https:\/\/laseris.ch\/shop\/wp-content\/uploads\/2019\/04\/CE-Ferulic-copie-570x570.jpg 570w, https:\/\/laseris.ch\/shop\/wp-content\/uploads\/2019\/04\/CE-Ferulic-copie-500x500.jpg 500w, https:\/\/laseris.ch\/shop\/wp-content\/uploads\/2019\/04\/CE-Ferulic-copie-700x700.jpg 700w, https:\/\/laseris.ch\/shop\/wp-content\/uploads\/2019\/04\/CE-Ferulic-copie.jpg 900w\" \/><\/a>\n\t<\/div>\n\t<figcaption class=\"woocom-list-content\">\n\n\t\t<div class=\"woocommerce-product-details__short-description\">\n\t<p><strong>S\u00e9rum \u00e0 la vitamine C pure, C E Ferulic\u00ae contient une combinaison r\u00e9volutionnaire d&#8217;antioxydants. \u00a0Ce produit permet d&#8217;obtenir une peau \u00e0 l&#8217;apparence plus jeune qui se d\u00e9fend mieux contre le vieillissement d\u00fb aux facteurs environnementaux.<\/strong><\/p>\n<p>R\u00e9sultats :<\/p>\n<ul>\n<li>R\u00e9duit les rides et ridules<\/li>\n<li>La peau est plus ferme<\/li>\n<li>La peau est \u00e9clatante<\/li>\n<\/ul>\n<p>&nbsp;<\/p>\n<p>&nbsp;<\/p>\n<div data-extension-version=\"1.0.4\"><img loading=\"lazy\" decoding=\"async\" class=\"alignnone size-medium wp-image-16858\" src=\"https:\/\/laseris.ch\/shop\/wp-content\/uploads\/2020\/10\/skinceuticals-revendeur-suisse.png\" alt=\"\" width=\"300\" height=\"61\" \/><\/div>\n<div id=\"ConnectiveDocSignExtentionInstalled\" data-extension-version=\"1.0.4\"><\/div>\n<\/div>\n<span class=\"gtm4wp_productdata\" style=\"display:none; visibility:hidden;\" data-gtm4wp_product_data=\"{&quot;internal_id&quot;:19019,&quot;item_id&quot;:19019,&quot;item_name&quot;:&quot;C E Ferulic 30 ml&quot;,&quot;sku&quot;:19019,&quot;price&quot;:147,&quot;stocklevel&quot;:7,&quot;stockstatus&quot;:&quot;instock&quot;,&quot;google_business_vertical&quot;:&quot;retail&quot;,&quot;item_category&quot;:&quot;Hyperpigmentation&quot;,&quot;id&quot;:19019,&quot;productlink&quot;:&quot;https:\\\/\\\/laseris.ch\\\/shop\\\/product\\\/skinceuticals-c-e-ferulic-30-ml\\\/&quot;,&quot;item_list_name&quot;:&quot;Liste g\\u00e9n\\u00e9rale des produits&quot;,&quot;index&quot;:2,&quot;product_type&quot;:&quot;simple&quot;,&quot;item_brand&quot;:&quot;&quot;}\"><\/span><a href=\"#\" class=\"yith-wcqv-button qvicon\" data-product_id=\"19019\"><img decoding=\"async\" src=\"https:\/\/laseris.ch\/shop\/wp-content\/uploads\/2020\/09\/qv-icon-laseris.png\" class=\"yith-wcqv-icon\"\/><\/a>\n\t<\/figcaption>\n<\/figure>\n\n<\/article>\n\n\n\n<article class=\"post visible description-off product type-product post-15451 status-publish last instock product_cat-deshydratee product_cat-fragilisee product_cat-hyperpigmentation product_cat-nettoyant product_cat-peau-mixte product_cat-peau-normale product_cat-peau-seche product_cat-peau-sensible product_cat-probleme-de-peau product_cat-skinceuticals product_cat-tonique product_cat-vieillissement product_cat-visage has-post-thumbnail shipping-taxable purchasable product-type-simple\">\n\n\t<figure class=\"woocom-project\">\n\t<div class=\"woo-buttons-on-img\">\n\n\t\t<a href=\"https:\/\/laseris.ch\/shop\/product\/equalizing-toner-250-ml\/\" class=\"alignnone layzr-bg\"><img loading=\"lazy\" decoding=\"async\" width=\"300\" height=\"300\" src=\"data:image\/svg+xml;charset=utf-8,%3Csvg xmlns%3D&#039;http%3A%2F%2Fwww.w3.org%2F2000%2Fsvg&#039; viewBox%3D&#039;0 0 300 300&#039;%2F%3E\" class=\"attachment-woocommerce_thumbnail size-woocommerce_thumbnail lazy-load preload-me\" alt=\"\" data-src=\"https:\/\/laseris.ch\/shop\/wp-content\/uploads\/2019\/04\/1-4-300x300.png\" data-srcset=\"https:\/\/laseris.ch\/shop\/wp-content\/uploads\/2019\/04\/1-4-300x300.png 300w, https:\/\/laseris.ch\/shop\/wp-content\/uploads\/2019\/04\/1-4-200x200.png 200w, https:\/\/laseris.ch\/shop\/wp-content\/uploads\/2019\/04\/1-4-150x150.png 150w, https:\/\/laseris.ch\/shop\/wp-content\/uploads\/2019\/04\/1-4-570x570.png 570w, https:\/\/laseris.ch\/shop\/wp-content\/uploads\/2019\/04\/1-4-500x500.png 500w, https:\/\/laseris.ch\/shop\/wp-content\/uploads\/2019\/04\/1-4-1000x1000.png 1000w\" \/><\/a>\n\t<\/div>\n\t<figcaption class=\"woocom-list-content\">\n\n\t\t<div class=\"woocommerce-product-details__short-description\">\n\t<p><strong>Exfolie en douceur les cellules mortes de la peau et parfait le nettoyage en douceur. Id\u00e9al pour tous les types de peau. Adoucit, apaise et tonifie la peau<\/strong>.<\/p>\n<p>&nbsp;<\/p>\n<div class=\"fl-module fl-module-rich-text fl-node-5e68c5fe9d995\" data-node=\"5e68c5fe9d995\">\n<div class=\"fl-module-content fl-node-content\">\n<div class=\"fl-rich-text\">\n<p>&nbsp;<\/p>\n<\/div>\n<\/div>\n<\/div>\n<div data-extension-version=\"1.0.4\"><img loading=\"lazy\" decoding=\"async\" class=\"alignnone size-medium wp-image-16858\" src=\"https:\/\/laseris.ch\/shop\/wp-content\/uploads\/2020\/10\/skinceuticals-revendeur-suisse.png\" alt=\"\" width=\"300\" height=\"61\" \/><\/div>\n<div id=\"ConnectiveDocSignExtentionInstalled\" data-extension-version=\"1.0.4\"><\/div>\n<\/div>\n<span class=\"gtm4wp_productdata\" style=\"display:none; visibility:hidden;\" data-gtm4wp_product_data=\"{&quot;internal_id&quot;:15451,&quot;item_id&quot;:15451,&quot;item_name&quot;:&quot;Equalizing Toner  250 ml SkinCeuticals&quot;,&quot;sku&quot;:15451,&quot;price&quot;:40,&quot;stocklevel&quot;:3,&quot;stockstatus&quot;:&quot;instock&quot;,&quot;google_business_vertical&quot;:&quot;retail&quot;,&quot;item_category&quot;:&quot;Fragilis\\u00e9e&quot;,&quot;id&quot;:15451,&quot;productlink&quot;:&quot;https:\\\/\\\/laseris.ch\\\/shop\\\/product\\\/equalizing-toner-250-ml\\\/&quot;,&quot;item_list_name&quot;:&quot;Liste g\\u00e9n\\u00e9rale des produits&quot;,&quot;index&quot;:3,&quot;product_type&quot;:&quot;simple&quot;,&quot;item_brand&quot;:&quot;&quot;}\"><\/span><a href=\"#\" class=\"yith-wcqv-button qvicon\" data-product_id=\"15451\"><img decoding=\"async\" src=\"https:\/\/laseris.ch\/shop\/wp-content\/uploads\/2020\/09\/qv-icon-laseris.png\" class=\"yith-wcqv-icon\"\/><\/a>\n\t<\/figcaption>\n<\/figure>\n\n<\/article>\n\n\n\n<article class=\"post visible description-off product type-product post-15443 status-publish first instock product_cat-deshydratee product_cat-fragilisee product_cat-hyperpigmentation product_cat-nettoyant product_cat-peau-normale product_cat-peau-seche product_cat-peau-sensible product_cat-peau-sujette-aux-rougeurs product_cat-probleme-de-peau product_cat-skinceuticals product_cat-vieillissement product_cat-visage has-post-thumbnail shipping-taxable purchasable product-type-simple\">\n\n\t<figure class=\"woocom-project\">\n\t<div class=\"woo-buttons-on-img\">\n\n\t\t<a href=\"https:\/\/laseris.ch\/shop\/product\/gentle-cleanser-200-ml\/\" class=\"alignnone layzr-bg\"><img loading=\"lazy\" decoding=\"async\" width=\"300\" height=\"300\" src=\"data:image\/svg+xml;charset=utf-8,%3Csvg xmlns%3D&#039;http%3A%2F%2Fwww.w3.org%2F2000%2Fsvg&#039; viewBox%3D&#039;0 0 300 300&#039;%2F%3E\" class=\"attachment-woocommerce_thumbnail size-woocommerce_thumbnail lazy-load preload-me\" alt=\"\" data-src=\"https:\/\/laseris.ch\/shop\/wp-content\/uploads\/2019\/04\/Sans-titre-13-300x300.png\" data-srcset=\"https:\/\/laseris.ch\/shop\/wp-content\/uploads\/2019\/04\/Sans-titre-13-300x300.png 300w, https:\/\/laseris.ch\/shop\/wp-content\/uploads\/2019\/04\/Sans-titre-13-200x200.png 200w, https:\/\/laseris.ch\/shop\/wp-content\/uploads\/2019\/04\/Sans-titre-13-150x150.png 150w, https:\/\/laseris.ch\/shop\/wp-content\/uploads\/2019\/04\/Sans-titre-13-570x570.png 570w, https:\/\/laseris.ch\/shop\/wp-content\/uploads\/2019\/04\/Sans-titre-13-500x500.png 500w, https:\/\/laseris.ch\/shop\/wp-content\/uploads\/2019\/04\/Sans-titre-13-1000x1000.png 1000w\" \/><\/a>\n\t<\/div>\n\t<figcaption class=\"woocom-list-content\">\n\n\t\t<div class=\"woocommerce-product-details__short-description\">\n\t<p><strong>Lait nettoyant doux, adoucit la peau tout en \u00e9liminant le maquillage et les impuret\u00e9s.<\/strong><\/p>\n<p>&nbsp;<\/p>\n<p>&nbsp;<\/p>\n<div class=\"fl-module fl-module-rich-text fl-node-5e68c5fe9d995\" data-node=\"5e68c5fe9d995\">\n<div class=\"fl-module-content fl-node-content\">\n<div class=\"fl-rich-text\">\n<p>&nbsp;<\/p>\n<p>&nbsp;<\/p>\n<\/div>\n<\/div>\n<\/div>\n<div data-extension-version=\"1.0.4\"><img loading=\"lazy\" decoding=\"async\" class=\"alignnone size-medium wp-image-16858\" src=\"https:\/\/laseris.ch\/shop\/wp-content\/uploads\/2020\/10\/skinceuticals-revendeur-suisse.png\" alt=\"\" width=\"300\" height=\"61\" \/><\/div>\n<div id=\"ConnectiveDocSignExtentionInstalled\" data-extension-version=\"1.0.4\"><\/div>\n<\/div>\n<span class=\"gtm4wp_productdata\" style=\"display:none; visibility:hidden;\" data-gtm4wp_product_data=\"{&quot;internal_id&quot;:15443,&quot;item_id&quot;:15443,&quot;item_name&quot;:&quot;Gentle Cleanser 200 ml SkinCeuticals&quot;,&quot;sku&quot;:15443,&quot;price&quot;:40,&quot;stocklevel&quot;:2,&quot;stockstatus&quot;:&quot;instock&quot;,&quot;google_business_vertical&quot;:&quot;retail&quot;,&quot;item_category&quot;:&quot;Hyperpigmentation&quot;,&quot;id&quot;:15443,&quot;productlink&quot;:&quot;https:\\\/\\\/laseris.ch\\\/shop\\\/product\\\/gentle-cleanser-200-ml\\\/&quot;,&quot;item_list_name&quot;:&quot;Liste g\\u00e9n\\u00e9rale des produits&quot;,&quot;index&quot;:4,&quot;product_type&quot;:&quot;simple&quot;,&quot;item_brand&quot;:&quot;&quot;}\"><\/span><a href=\"#\" class=\"yith-wcqv-button qvicon\" data-product_id=\"15443\"><img decoding=\"async\" src=\"https:\/\/laseris.ch\/shop\/wp-content\/uploads\/2020\/09\/qv-icon-laseris.png\" class=\"yith-wcqv-icon\"\/><\/a>\n\t<\/figcaption>\n<\/figure>\n\n<\/article>\n\n\n\n<article class=\"post visible description-off product type-product post-15788 status-publish instock product_cat-deshydratee product_cat-fragilisee product_cat-imperfections product_cat-peau-grasse product_cat-peau-mixte product_cat-peau-normale product_cat-peau-seche product_cat-peau-sensible product_cat-probleme-de-peau product_cat-promotion product_cat-serum product_cat-skinceuticals product_cat-tout-type-de-peau product_cat-vieillissement product_cat-visage product_tag-hydratation product_tag-shopping has-post-thumbnail sale shipping-taxable purchasable product-type-simple\">\n\n\t\n\t<span class=\"onsale\">Promo\u00a0!<\/span>\n\t<figure class=\"woocom-project\">\n\t<div class=\"woo-buttons-on-img\">\n\n\t\t<a href=\"https:\/\/laseris.ch\/shop\/product\/hydrating-b5-serum\/\" class=\"alignnone layzr-bg\"><img loading=\"lazy\" decoding=\"async\" width=\"300\" height=\"300\" src=\"data:image\/svg+xml;charset=utf-8,%3Csvg xmlns%3D&#039;http%3A%2F%2Fwww.w3.org%2F2000%2Fsvg&#039; viewBox%3D&#039;0 0 300 300&#039;%2F%3E\" class=\"attachment-woocommerce_thumbnail size-woocommerce_thumbnail lazy-load preload-me\" alt=\"\" data-src=\"https:\/\/laseris.ch\/shop\/wp-content\/uploads\/2019\/06\/Sans-titre-10-300x300.png\" data-srcset=\"https:\/\/laseris.ch\/shop\/wp-content\/uploads\/2019\/06\/Sans-titre-10-300x300.png 300w, https:\/\/laseris.ch\/shop\/wp-content\/uploads\/2019\/06\/Sans-titre-10-200x200.png 200w, https:\/\/laseris.ch\/shop\/wp-content\/uploads\/2019\/06\/Sans-titre-10-150x150.png 150w, https:\/\/laseris.ch\/shop\/wp-content\/uploads\/2019\/06\/Sans-titre-10-570x570.png 570w, https:\/\/laseris.ch\/shop\/wp-content\/uploads\/2019\/06\/Sans-titre-10-500x500.png 500w, https:\/\/laseris.ch\/shop\/wp-content\/uploads\/2019\/06\/Sans-titre-10-1000x1000.png 1000w\" \/><\/a>\n\t<\/div>\n\t<figcaption class=\"woocom-list-content\">\n\n\t\t<div class=\"woocommerce-product-details__short-description\">\n\t<p><strong>Ce\u00a0s\u00e9rum hydratant\u00a0est id\u00e9al pour les peaux d\u00e9shydrat\u00e9es. Hautement concentr\u00e9 en\u00a0acide hyaluronique\u00a0et en vitamine B5, ce s\u00e9rum permet de r\u00e9tablir un \u00e9quilibre d&#8217;hydratation et de retrouver une peau plus lisse et \u00e9clatante. <\/strong><\/p>\n<p>V\u00e9ritable &#8220;bouteille d&#8217;eau&#8221; de la peau, ce s\u00e9rum permet une hydratation intense. Hydrating B5 s&#8217;utilise \u00e9galement en post acte m\u00e9dical, apr\u00e8s une injection d&#8217;acide hyaluronique ou une injection de botox. Apr\u00e8s l&#8217;application, la peau est parfaitement hydrat\u00e9e, instantan\u00e9ment plus lisse.<\/p>\n<div class=\"fl-module fl-module-rich-text fl-node-5e68c5fe9d995\" data-node=\"5e68c5fe9d995\">\n<div class=\"fl-module-content fl-node-content\">\n<div class=\"fl-rich-text\">\n<p>&nbsp;<\/p>\n<p>&nbsp;<\/p>\n<\/div>\n<\/div>\n<\/div>\n<div data-extension-version=\"1.0.4\"><img loading=\"lazy\" decoding=\"async\" class=\"alignnone size-medium wp-image-16858\" src=\"https:\/\/laseris.ch\/shop\/wp-content\/uploads\/2020\/10\/skinceuticals-revendeur-suisse.png\" alt=\"\" width=\"300\" height=\"61\" \/><\/div>\n<div id=\"ConnectiveDocSignExtentionInstalled\" data-extension-version=\"1.0.4\"><\/div>\n<\/div>\n<span class=\"gtm4wp_productdata\" style=\"display:none; visibility:hidden;\" data-gtm4wp_product_data=\"{&quot;internal_id&quot;:15788,&quot;item_id&quot;:15788,&quot;item_name&quot;:&quot;Hydrating B5 30 ml SkinCeuticals&quot;,&quot;sku&quot;:15788,&quot;price&quot;:78,&quot;stocklevel&quot;:2,&quot;stockstatus&quot;:&quot;instock&quot;,&quot;google_business_vertical&quot;:&quot;retail&quot;,&quot;item_category&quot;:&quot;Fragilis\\u00e9e&quot;,&quot;id&quot;:15788,&quot;productlink&quot;:&quot;https:\\\/\\\/laseris.ch\\\/shop\\\/product\\\/hydrating-b5-serum\\\/&quot;,&quot;item_list_name&quot;:&quot;Liste g\\u00e9n\\u00e9rale des produits&quot;,&quot;index&quot;:5,&quot;product_type&quot;:&quot;simple&quot;,&quot;item_brand&quot;:&quot;&quot;}\"><\/span><a href=\"#\" class=\"yith-wcqv-button qvicon\" data-product_id=\"15788\"><img decoding=\"async\" src=\"https:\/\/laseris.ch\/shop\/wp-content\/uploads\/2020\/09\/qv-icon-laseris.png\" class=\"yith-wcqv-icon\"\/><\/a>\n\t<\/figcaption>\n<\/figure>\n\n<\/article>\n\n\n\n<article class=\"post visible description-off product type-product post-15503 status-publish last instock product_cat-deshydratee product_cat-fragilisee product_cat-hyperpigmentation product_cat-imperfections product_cat-peau-grasse product_cat-peau-mixte product_cat-peau-normale product_cat-peau-seche product_cat-peau-sensible product_cat-peau-sujette-aux-rougeurs product_cat-probleme-de-peau product_cat-serum product_cat-skinceuticals product_cat-tout-type-de-peau product_cat-vieillissement product_cat-visage has-post-thumbnail shipping-taxable purchasable product-type-simple\">\n\n\t<figure class=\"woocom-project\">\n\t<div class=\"woo-buttons-on-img\">\n\n\t\t<a href=\"https:\/\/laseris.ch\/shop\/product\/phyto-corrective-30-ml\/\" class=\"alignnone layzr-bg\"><img loading=\"lazy\" decoding=\"async\" width=\"300\" height=\"300\" src=\"data:image\/svg+xml;charset=utf-8,%3Csvg xmlns%3D&#039;http%3A%2F%2Fwww.w3.org%2F2000%2Fsvg&#039; viewBox%3D&#039;0 0 300 300&#039;%2F%3E\" class=\"attachment-woocommerce_thumbnail size-woocommerce_thumbnail lazy-load preload-me\" alt=\"\" data-src=\"https:\/\/laseris.ch\/shop\/wp-content\/uploads\/2019\/04\/Phyto-Corrective-300x300.jpg\" data-srcset=\"https:\/\/laseris.ch\/shop\/wp-content\/uploads\/2019\/04\/Phyto-Corrective-300x300.jpg 300w, https:\/\/laseris.ch\/shop\/wp-content\/uploads\/2019\/04\/Phyto-Corrective-200x200.jpg 200w, https:\/\/laseris.ch\/shop\/wp-content\/uploads\/2019\/04\/Phyto-Corrective-600x600.jpg 600w, https:\/\/laseris.ch\/shop\/wp-content\/uploads\/2019\/04\/Phyto-Corrective-150x150.jpg 150w, https:\/\/laseris.ch\/shop\/wp-content\/uploads\/2019\/04\/Phyto-Corrective-768x768.jpg 768w, https:\/\/laseris.ch\/shop\/wp-content\/uploads\/2019\/04\/Phyto-Corrective-570x570.jpg 570w, https:\/\/laseris.ch\/shop\/wp-content\/uploads\/2019\/04\/Phyto-Corrective-500x500.jpg 500w, https:\/\/laseris.ch\/shop\/wp-content\/uploads\/2019\/04\/Phyto-Corrective-700x700.jpg 700w, https:\/\/laseris.ch\/shop\/wp-content\/uploads\/2019\/04\/Phyto-Corrective.jpg 900w\" \/><\/a>\n\t<\/div>\n\t<figcaption class=\"woocom-list-content\">\n\n\t\t<div class=\"woocommerce-product-details__short-description\">\n\t<p>Apaise et calme les peaux irrit\u00e9es. Excellent soin hydratant oil free pour les peaux \u00e0 tendance acn\u00e9ique. Pr\u00e9pare la peau \u00e0 recevoir les soins rajeunissants et att\u00e9nue les rougeurs post traitement. Minimise l&#8217;hyperpigmentation.<\/p>\n<p>&nbsp;<\/p>\n<div class=\"fl-module fl-module-rich-text fl-node-5e68c5fe9d995\" data-node=\"5e68c5fe9d995\">\n<div class=\"fl-module-content fl-node-content\">\n<div class=\"fl-rich-text\">\n<p>&nbsp;<\/p>\n<\/div>\n<\/div>\n<\/div>\n<div data-extension-version=\"1.0.4\"><img loading=\"lazy\" decoding=\"async\" class=\"alignnone size-medium wp-image-16858\" src=\"https:\/\/laseris.ch\/shop\/wp-content\/uploads\/2020\/10\/skinceuticals-revendeur-suisse.png\" alt=\"\" width=\"300\" height=\"61\" \/><\/div>\n<\/div>\n<span class=\"gtm4wp_productdata\" style=\"display:none; visibility:hidden;\" data-gtm4wp_product_data=\"{&quot;internal_id&quot;:15503,&quot;item_id&quot;:15503,&quot;item_name&quot;:&quot;Phyto Corrective 30 ml SkinCeuticals&quot;,&quot;sku&quot;:15503,&quot;price&quot;:75,&quot;stocklevel&quot;:3,&quot;stockstatus&quot;:&quot;instock&quot;,&quot;google_business_vertical&quot;:&quot;retail&quot;,&quot;item_category&quot;:&quot;Fragilis\\u00e9e&quot;,&quot;id&quot;:15503,&quot;productlink&quot;:&quot;https:\\\/\\\/laseris.ch\\\/shop\\\/product\\\/phyto-corrective-30-ml\\\/&quot;,&quot;item_list_name&quot;:&quot;Liste g\\u00e9n\\u00e9rale des produits&quot;,&quot;index&quot;:6,&quot;product_type&quot;:&quot;simple&quot;,&quot;item_brand&quot;:&quot;&quot;}\"><\/span><a href=\"#\" class=\"yith-wcqv-button qvicon\" data-product_id=\"15503\"><img decoding=\"async\" src=\"https:\/\/laseris.ch\/shop\/wp-content\/uploads\/2020\/09\/qv-icon-laseris.png\" class=\"yith-wcqv-icon\"\/><\/a>\n\t<\/figcaption>\n<\/figure>\n\n<\/article>\n\n\n\n<article class=\"post visible description-off product type-product post-15506 status-publish first instock product_cat-deshydratee product_cat-fragilisee product_cat-masque product_cat-peau-grasse product_cat-peau-mixte product_cat-peau-normale product_cat-peau-seche product_cat-peau-sensible product_cat-probleme-de-peau product_cat-skinceuticals product_cat-tout-type-de-peau product_cat-visage has-post-thumbnail shipping-taxable purchasable product-type-simple\">\n\n\t<figure class=\"woocom-project\">\n\t<div class=\"woo-buttons-on-img\">\n\n\t\t<a href=\"https:\/\/laseris.ch\/shop\/product\/phyto-corrective-masque-60-ml\/\" class=\"alignnone layzr-bg\"><img loading=\"lazy\" decoding=\"async\" width=\"300\" height=\"300\" src=\"data:image\/svg+xml;charset=utf-8,%3Csvg xmlns%3D&#039;http%3A%2F%2Fwww.w3.org%2F2000%2Fsvg&#039; viewBox%3D&#039;0 0 300 300&#039;%2F%3E\" class=\"attachment-woocommerce_thumbnail size-woocommerce_thumbnail lazy-load preload-me\" alt=\"\" data-src=\"https:\/\/laseris.ch\/shop\/wp-content\/uploads\/2019\/04\/Phyto-Corrective-Masque-300x300.jpg\" data-srcset=\"https:\/\/laseris.ch\/shop\/wp-content\/uploads\/2019\/04\/Phyto-Corrective-Masque-300x300.jpg 300w, https:\/\/laseris.ch\/shop\/wp-content\/uploads\/2019\/04\/Phyto-Corrective-Masque-200x200.jpg 200w, https:\/\/laseris.ch\/shop\/wp-content\/uploads\/2019\/04\/Phyto-Corrective-Masque-600x600.jpg 600w, https:\/\/laseris.ch\/shop\/wp-content\/uploads\/2019\/04\/Phyto-Corrective-Masque-150x150.jpg 150w, https:\/\/laseris.ch\/shop\/wp-content\/uploads\/2019\/04\/Phyto-Corrective-Masque-768x768.jpg 768w, https:\/\/laseris.ch\/shop\/wp-content\/uploads\/2019\/04\/Phyto-Corrective-Masque-570x570.jpg 570w, https:\/\/laseris.ch\/shop\/wp-content\/uploads\/2019\/04\/Phyto-Corrective-Masque-500x500.jpg 500w, https:\/\/laseris.ch\/shop\/wp-content\/uploads\/2019\/04\/Phyto-Corrective-Masque-700x700.jpg 700w, https:\/\/laseris.ch\/shop\/wp-content\/uploads\/2019\/04\/Phyto-Corrective-Masque.jpg 900w\" \/><\/a>\n\t<\/div>\n\t<figcaption class=\"woocom-list-content\">\n\n\t\t<div class=\"woocommerce-product-details__short-description\">\n\t<p>Masque visage calmant intensif pour r\u00e9hydrater et apaiser les peaux r\u00e9actives.<\/p>\n<p>Ce masque apaisant am\u00e9liore visiblement l\u2019apparence des peaux sujettes aux rougeurs. Il est hautement concentr\u00e9 en extraits botaniques, d\u2019un dipeptide calmant, ainsi qu\u2019en acide hyaluronique.<br \/>\nIl neutralise la r\u00e9activit\u00e9 transitoire, calme la sensibilit\u00e9 et procure une sensation de confort imm\u00e9diat.<\/p>\n<p>&nbsp;<\/p>\n<p>&nbsp;<\/p>\n<div class=\"fl-module fl-module-rich-text fl-node-5e68c5fe9d995\" data-node=\"5e68c5fe9d995\">\n<div class=\"fl-module-content fl-node-content\"><\/div>\n<\/div>\n<div data-extension-version=\"1.0.4\"><img loading=\"lazy\" decoding=\"async\" class=\"alignnone size-medium wp-image-16858\" src=\"https:\/\/laseris.ch\/shop\/wp-content\/uploads\/2020\/10\/skinceuticals-revendeur-suisse.png\" alt=\"\" width=\"300\" height=\"61\" \/><\/div>\n<div id=\"ConnectiveDocSignExtentionInstalled\" data-extension-version=\"1.0.4\"><\/div>\n<\/div>\n<span class=\"gtm4wp_productdata\" style=\"display:none; visibility:hidden;\" data-gtm4wp_product_data=\"{&quot;internal_id&quot;:15506,&quot;item_id&quot;:15506,&quot;item_name&quot;:&quot;Phyto Corrective Masque 60 ml SkinCeuticals&quot;,&quot;sku&quot;:15506,&quot;price&quot;:85,&quot;stocklevel&quot;:2,&quot;stockstatus&quot;:&quot;instock&quot;,&quot;google_business_vertical&quot;:&quot;retail&quot;,&quot;item_category&quot;:&quot;Fragilis\\u00e9e&quot;,&quot;id&quot;:15506,&quot;productlink&quot;:&quot;https:\\\/\\\/laseris.ch\\\/shop\\\/product\\\/phyto-corrective-masque-60-ml\\\/&quot;,&quot;item_list_name&quot;:&quot;Liste g\\u00e9n\\u00e9rale des produits&quot;,&quot;index&quot;:7,&quot;product_type&quot;:&quot;simple&quot;,&quot;item_brand&quot;:&quot;&quot;}\"><\/span><a href=\"#\" class=\"yith-wcqv-button qvicon\" data-product_id=\"15506\"><img decoding=\"async\" src=\"https:\/\/laseris.ch\/shop\/wp-content\/uploads\/2020\/09\/qv-icon-laseris.png\" class=\"yith-wcqv-icon\"\/><\/a>\n\t<\/figcaption>\n<\/figure>\n\n<\/article>\n\n\n\n<article class=\"post visible description-off product type-product post-15474 status-publish instock product_cat-deshydratee product_cat-fragilisee product_cat-hyperpigmentation product_cat-imperfections product_cat-peau-grasse product_cat-peau-mixte product_cat-peau-normale product_cat-peau-seche product_cat-peau-sensible product_cat-probleme-de-peau product_cat-promotion product_cat-serum product_cat-skinceuticals product_cat-tout-type-de-peau product_cat-vieillissement product_cat-visage product_tag-shopping has-post-thumbnail sale shipping-taxable purchasable product-type-simple\">\n\n\t\n\t<span class=\"onsale\">Promo\u00a0!<\/span>\n\t<figure class=\"woocom-project\">\n\t<div class=\"woo-buttons-on-img\">\n\n\t\t<a href=\"https:\/\/laseris.ch\/shop\/product\/retexturing-activator-30-ml\/\" class=\"alignnone layzr-bg\"><img loading=\"lazy\" decoding=\"async\" width=\"300\" height=\"300\" src=\"data:image\/svg+xml;charset=utf-8,%3Csvg xmlns%3D&#039;http%3A%2F%2Fwww.w3.org%2F2000%2Fsvg&#039; viewBox%3D&#039;0 0 300 300&#039;%2F%3E\" class=\"attachment-woocommerce_thumbnail size-woocommerce_thumbnail lazy-load preload-me\" alt=\"\" data-src=\"https:\/\/laseris.ch\/shop\/wp-content\/uploads\/2019\/04\/Retexturing-Activator-300x300.jpg\" data-srcset=\"https:\/\/laseris.ch\/shop\/wp-content\/uploads\/2019\/04\/Retexturing-Activator-300x300.jpg 300w, https:\/\/laseris.ch\/shop\/wp-content\/uploads\/2019\/04\/Retexturing-Activator-200x200.jpg 200w, https:\/\/laseris.ch\/shop\/wp-content\/uploads\/2019\/04\/Retexturing-Activator-600x600.jpg 600w, https:\/\/laseris.ch\/shop\/wp-content\/uploads\/2019\/04\/Retexturing-Activator-150x150.jpg 150w, https:\/\/laseris.ch\/shop\/wp-content\/uploads\/2019\/04\/Retexturing-Activator-768x768.jpg 768w, https:\/\/laseris.ch\/shop\/wp-content\/uploads\/2019\/04\/Retexturing-Activator-570x570.jpg 570w, https:\/\/laseris.ch\/shop\/wp-content\/uploads\/2019\/04\/Retexturing-Activator-500x500.jpg 500w, https:\/\/laseris.ch\/shop\/wp-content\/uploads\/2019\/04\/Retexturing-Activator-700x700.jpg 700w, https:\/\/laseris.ch\/shop\/wp-content\/uploads\/2019\/04\/Retexturing-Activator.jpg 900w\" \/><\/a>\n\t<\/div>\n\t<figcaption class=\"woocom-list-content\">\n\n\t\t<div class=\"woocommerce-product-details__short-description\">\n\t<p>Lisse et adoucit la texture de la peau. Att\u00e9nue spectaculairement les rides et les ridules superficielles. Am\u00e9liore l&#8217;\u00e9clat de la peau et aide \u00e0 garder une peau saine et neuve \u00e0 la surface de l&#8217;\u00e9piderme. \u00c9quilibre le taux d&#8217;hydratation de la peau.<\/p>\n<div class=\"fl-module fl-module-rich-text fl-node-5e68c5fe9d995\" data-node=\"5e68c5fe9d995\">\n<div class=\"fl-module-content fl-node-content\">\n<div class=\"fl-rich-text\">\n<p>&nbsp;<\/p>\n<p>&nbsp;<\/p>\n<\/div>\n<\/div>\n<\/div>\n<div data-extension-version=\"1.0.4\"><img loading=\"lazy\" decoding=\"async\" class=\"alignnone size-medium wp-image-16858\" src=\"https:\/\/laseris.ch\/shop\/wp-content\/uploads\/2020\/10\/skinceuticals-revendeur-suisse.png\" alt=\"\" width=\"300\" height=\"61\" \/><\/div>\n<\/div>\n<span class=\"gtm4wp_productdata\" style=\"display:none; visibility:hidden;\" data-gtm4wp_product_data=\"{&quot;internal_id&quot;:15474,&quot;item_id&quot;:15474,&quot;item_name&quot;:&quot;Retexturing Activator 30 ml SkinCeuticals&quot;,&quot;sku&quot;:15474,&quot;price&quot;:88,&quot;stocklevel&quot;:2,&quot;stockstatus&quot;:&quot;instock&quot;,&quot;google_business_vertical&quot;:&quot;retail&quot;,&quot;item_category&quot;:&quot;Fragilis\\u00e9e&quot;,&quot;id&quot;:15474,&quot;productlink&quot;:&quot;https:\\\/\\\/laseris.ch\\\/shop\\\/product\\\/retexturing-activator-30-ml\\\/&quot;,&quot;item_list_name&quot;:&quot;Liste g\\u00e9n\\u00e9rale des produits&quot;,&quot;index&quot;:8,&quot;product_type&quot;:&quot;simple&quot;,&quot;item_brand&quot;:&quot;&quot;}\"><\/span><a href=\"#\" class=\"yith-wcqv-button qvicon\" data-product_id=\"15474\"><img decoding=\"async\" src=\"https:\/\/laseris.ch\/shop\/wp-content\/uploads\/2020\/09\/qv-icon-laseris.png\" class=\"yith-wcqv-icon\"\/><\/a>\n\t<\/figcaption>\n<\/figure>\n\n<\/article>\n\n\n\n<article class=\"post visible description-off product type-product post-15470 status-publish last instock product_cat-antioxydant product_cat-fragilisee product_cat-imperfections product_cat-peau-normale product_cat-peau-sensible product_cat-probleme-de-peau product_cat-promotion product_cat-serum product_cat-skinceuticals product_cat-vieillissement product_cat-visage product_tag-35-45-ans product_tag-shopping has-post-thumbnail sale shipping-taxable purchasable product-type-simple\">\n\n\t\n\t<span class=\"onsale\">Promo\u00a0!<\/span>\n\t<figure class=\"woocom-project\">\n\t<div class=\"woo-buttons-on-img\">\n\n\t\t<a href=\"https:\/\/laseris.ch\/shop\/product\/serum-10-30-ml\/\" class=\"alignnone layzr-bg\"><img loading=\"lazy\" decoding=\"async\" width=\"300\" height=\"300\" src=\"data:image\/svg+xml;charset=utf-8,%3Csvg xmlns%3D&#039;http%3A%2F%2Fwww.w3.org%2F2000%2Fsvg&#039; viewBox%3D&#039;0 0 300 300&#039;%2F%3E\" class=\"attachment-woocommerce_thumbnail size-woocommerce_thumbnail lazy-load preload-me\" alt=\"\" data-src=\"https:\/\/laseris.ch\/shop\/wp-content\/uploads\/2019\/04\/serum-10-300x300.jpg\" data-srcset=\"https:\/\/laseris.ch\/shop\/wp-content\/uploads\/2019\/04\/serum-10-300x300.jpg 300w, https:\/\/laseris.ch\/shop\/wp-content\/uploads\/2019\/04\/serum-10-200x200.jpg 200w, https:\/\/laseris.ch\/shop\/wp-content\/uploads\/2019\/04\/serum-10-600x600.jpg 600w, https:\/\/laseris.ch\/shop\/wp-content\/uploads\/2019\/04\/serum-10-150x150.jpg 150w, https:\/\/laseris.ch\/shop\/wp-content\/uploads\/2019\/04\/serum-10-768x768.jpg 768w, https:\/\/laseris.ch\/shop\/wp-content\/uploads\/2019\/04\/serum-10-570x570.jpg 570w, https:\/\/laseris.ch\/shop\/wp-content\/uploads\/2019\/04\/serum-10-500x500.jpg 500w, https:\/\/laseris.ch\/shop\/wp-content\/uploads\/2019\/04\/serum-10-700x700.jpg 700w, https:\/\/laseris.ch\/shop\/wp-content\/uploads\/2019\/04\/serum-10.jpg 900w\" \/><\/a>\n\t<\/div>\n\t<figcaption class=\"woocom-list-content\">\n\n\t\t<div class=\"woocommerce-product-details__short-description\">\n\t<p>Pr\u00e9vient les signes du photovieillissement (rides, ridules). Aide \u00e0 att\u00e9nuer l&#8217;apparence des rides et des ridules, tout en neutralisant les radicaux libres et prot\u00e9geant la peau contre les d\u00e9g\u00e2ts dus \u00e0 son environnement. Id\u00e9al pour les peaux sensibles ou fragilis\u00e9es.<\/p>\n<p>&nbsp;<\/p>\n<div class=\"fl-module fl-module-rich-text fl-node-5e68c5fe9d995\" data-node=\"5e68c5fe9d995\">\n<div class=\"fl-module-content fl-node-content\">\n<div class=\"fl-rich-text\">\n<p>&nbsp;<\/p>\n<\/div>\n<\/div>\n<\/div>\n<div data-extension-version=\"1.0.4\"><img loading=\"lazy\" decoding=\"async\" class=\"alignnone size-medium wp-image-16858\" src=\"https:\/\/laseris.ch\/shop\/wp-content\/uploads\/2020\/10\/skinceuticals-revendeur-suisse.png\" alt=\"\" width=\"300\" height=\"61\" \/><\/div>\n<div id=\"ConnectiveDocSignExtentionInstalled\" data-extension-version=\"1.0.4\"><\/div>\n<\/div>\n<span class=\"gtm4wp_productdata\" style=\"display:none; visibility:hidden;\" data-gtm4wp_product_data=\"{&quot;internal_id&quot;:15470,&quot;item_id&quot;:15470,&quot;item_name&quot;:&quot;Serum 10 30 ml SkinCeuticals&quot;,&quot;sku&quot;:15470,&quot;price&quot;:91,&quot;stocklevel&quot;:6,&quot;stockstatus&quot;:&quot;instock&quot;,&quot;google_business_vertical&quot;:&quot;retail&quot;,&quot;item_category&quot;:&quot;Imperfections&quot;,&quot;id&quot;:15470,&quot;productlink&quot;:&quot;https:\\\/\\\/laseris.ch\\\/shop\\\/product\\\/serum-10-30-ml\\\/&quot;,&quot;item_list_name&quot;:&quot;Liste g\\u00e9n\\u00e9rale des produits&quot;,&quot;index&quot;:9,&quot;product_type&quot;:&quot;simple&quot;,&quot;item_brand&quot;:&quot;&quot;}\"><\/span><a href=\"#\" class=\"yith-wcqv-button qvicon\" data-product_id=\"15470\"><img decoding=\"async\" src=\"https:\/\/laseris.ch\/shop\/wp-content\/uploads\/2020\/09\/qv-icon-laseris.png\" class=\"yith-wcqv-icon\"\/><\/a>\n\t<\/figcaption>\n<\/figure>\n\n<\/article>\n\n\n\n<article class=\"post visible description-off product type-product post-15458 status-publish first instock product_cat-deshydratee product_cat-fragilisee product_cat-imperfections product_cat-nettoyant product_cat-peau-grasse product_cat-peau-mixte product_cat-peau-normale product_cat-peau-seche product_cat-peau-sensible product_cat-peau-sujette-aux-rougeurs product_cat-probleme-de-peau product_cat-skinceuticals product_cat-tout-type-de-peau product_cat-visage has-post-thumbnail shipping-taxable purchasable product-type-simple\">\n\n\t<figure class=\"woocom-project\">\n\t<div class=\"woo-buttons-on-img\">\n\n\t\t<a href=\"https:\/\/laseris.ch\/shop\/product\/soothing-cleanser-150-ml\/\" class=\"alignnone layzr-bg\"><img loading=\"lazy\" decoding=\"async\" width=\"300\" height=\"300\" src=\"data:image\/svg+xml;charset=utf-8,%3Csvg xmlns%3D&#039;http%3A%2F%2Fwww.w3.org%2F2000%2Fsvg&#039; viewBox%3D&#039;0 0 300 300&#039;%2F%3E\" class=\"attachment-woocommerce_thumbnail size-woocommerce_thumbnail lazy-load preload-me\" alt=\"\" data-src=\"https:\/\/laseris.ch\/shop\/wp-content\/uploads\/2019\/04\/soothing_cleanser_foam-300x300.jpg\" data-srcset=\"https:\/\/laseris.ch\/shop\/wp-content\/uploads\/2019\/04\/soothing_cleanser_foam-300x300.jpg 300w, https:\/\/laseris.ch\/shop\/wp-content\/uploads\/2019\/04\/soothing_cleanser_foam-200x200.jpg 200w, https:\/\/laseris.ch\/shop\/wp-content\/uploads\/2019\/04\/soothing_cleanser_foam-600x600.jpg 600w, https:\/\/laseris.ch\/shop\/wp-content\/uploads\/2019\/04\/soothing_cleanser_foam-150x150.jpg 150w, https:\/\/laseris.ch\/shop\/wp-content\/uploads\/2019\/04\/soothing_cleanser_foam-768x768.jpg 768w, https:\/\/laseris.ch\/shop\/wp-content\/uploads\/2019\/04\/soothing_cleanser_foam-570x570.jpg 570w, https:\/\/laseris.ch\/shop\/wp-content\/uploads\/2019\/04\/soothing_cleanser_foam-500x500.jpg 500w, https:\/\/laseris.ch\/shop\/wp-content\/uploads\/2019\/04\/soothing_cleanser_foam-700x700.jpg 700w, https:\/\/laseris.ch\/shop\/wp-content\/uploads\/2019\/04\/soothing_cleanser_foam.jpg 900w\" \/><\/a>\n\t<\/div>\n\t<figcaption class=\"woocom-list-content\">\n\n\t\t<div class=\"woocommerce-product-details__short-description\">\n\t<p><strong>Mousse nettoyante et apaisante contenant une haute concentration d&#8217;extrait botaniques,\u00a0 elle \u00e9limine les impuret\u00e9s tout en apaisant la peau, afin de lui apporter douceur et confort.<\/strong><\/p>\n<p>&nbsp;<\/p>\n<div class=\"fl-module fl-module-rich-text fl-node-5e68c5fe9d995\" data-node=\"5e68c5fe9d995\">\n<div class=\"fl-module-content fl-node-content\">\n<div class=\"fl-rich-text\">\n<p>&nbsp;<\/p>\n<p>&nbsp;<\/p>\n<\/div>\n<\/div>\n<\/div>\n<div data-extension-version=\"1.0.4\"><img loading=\"lazy\" decoding=\"async\" class=\"alignnone size-medium wp-image-16858\" src=\"https:\/\/laseris.ch\/shop\/wp-content\/uploads\/2020\/10\/skinceuticals-revendeur-suisse.png\" alt=\"\" width=\"300\" height=\"61\" \/><\/div>\n<div id=\"ConnectiveDocSignExtentionInstalled\" data-extension-version=\"1.0.4\"><\/div>\n<\/div>\n<span class=\"gtm4wp_productdata\" style=\"display:none; visibility:hidden;\" data-gtm4wp_product_data=\"{&quot;internal_id&quot;:15458,&quot;item_id&quot;:15458,&quot;item_name&quot;:&quot;Soothing Cleanser 150 ml SkinCeuticals&quot;,&quot;sku&quot;:15458,&quot;price&quot;:40,&quot;stocklevel&quot;:3,&quot;stockstatus&quot;:&quot;instock&quot;,&quot;google_business_vertical&quot;:&quot;retail&quot;,&quot;item_category&quot;:&quot;Fragilis\\u00e9e&quot;,&quot;id&quot;:15458,&quot;productlink&quot;:&quot;https:\\\/\\\/laseris.ch\\\/shop\\\/product\\\/soothing-cleanser-150-ml\\\/&quot;,&quot;item_list_name&quot;:&quot;Liste g\\u00e9n\\u00e9rale des produits&quot;,&quot;index&quot;:10,&quot;product_type&quot;:&quot;simple&quot;,&quot;item_brand&quot;:&quot;&quot;}\"><\/span><a href=\"#\" class=\"yith-wcqv-button qvicon\" data-product_id=\"15458\"><img decoding=\"async\" src=\"https:\/\/laseris.ch\/shop\/wp-content\/uploads\/2020\/09\/qv-icon-laseris.png\" class=\"yith-wcqv-icon\"\/><\/a>\n\t<\/figcaption>\n<\/figure>\n\n<\/article>\n\n<\/div><\/div>[\/vc_column][\/vc_row]<\/p>\n<\/div>","protected":false},"excerpt":{"rendered":"<p>[vc_row row_type=&#8221;row&#8221; use_row_as_full_screen_section=&#8221;no&#8221; type=&#8221;full_width&#8221; angled_section=&#8221;no&#8221; text_align=&#8221;left&#8221; background_image_as_pattern=&#8221;without_pattern&#8221; z_index=&#8221;&#8221;][vc_column][vc_column_text] Peau fragilis\u00e9e [\/vc_column_text][\/vc_column][\/vc_row][vc_row row_type=&#8221;row&#8221; use_row_as_full_screen_section=&#8221;no&#8221; type=&#8221;full_width&#8221; angled_section=&#8221;no&#8221; text_align=&#8221;left&#8221; background_image_as_pattern=&#8221;without_pattern&#8221; z_index=&#8221;&#8221;][vc_column][vc_separator type=&#8221;normal&#8221;][\/vc_column][\/vc_row][vc_row row_type=&#8221;row&#8221; use_row_as_full_screen_section=&#8221;no&#8221; type=&#8221;full_width&#8221; angled_section=&#8221;no&#8221; text_align=&#8221;left&#8221; background_image_as_pattern=&#8221;without_pattern&#8221;][vc_column el_class=&#8221;filter-products-block&#8221;][\/vc_column][\/vc_row]<\/p>\n","protected":false},"author":1,"featured_media":0,"parent":0,"menu_order":0,"comment_status":"closed","ping_status":"closed","template":"","meta":{"footnotes":""},"class_list":["post-16939","page","type-page","status-publish","hentry","description-off"],"_links":{"self":[{"href":"https:\/\/laseris.ch\/shop\/wp-json\/wp\/v2\/pages\/16939","targetHints":{"allow":["GET"]}}],"collection":[{"href":"https:\/\/laseris.ch\/shop\/wp-json\/wp\/v2\/pages"}],"about":[{"href":"https:\/\/laseris.ch\/shop\/wp-json\/wp\/v2\/types\/page"}],"author":[{"embeddable":true,"href":"https:\/\/laseris.ch\/shop\/wp-json\/wp\/v2\/users\/1"}],"replies":[{"embeddable":true,"href":"https:\/\/laseris.ch\/shop\/wp-json\/wp\/v2\/comments?post=16939"}],"version-history":[{"count":0,"href":"https:\/\/laseris.ch\/shop\/wp-json\/wp\/v2\/pages\/16939\/revisions"}],"wp:attachment":[{"href":"https:\/\/laseris.ch\/shop\/wp-json\/wp\/v2\/media?parent=16939"}],"curies":[{"name":"wp","href":"https:\/\/api.w.org\/{rel}","templated":true}]}}